{"id":138,"date":"2019-11-21T10:17:41","date_gmt":"2019-11-21T09:17:41","guid":{"rendered":"http:\/\/johannehuysman.com\/?page_id=138"},"modified":"2025-09-11T17:08:54","modified_gmt":"2025-09-11T15:08:54","slug":"expo-bio","status":"publish","type":"page","link":"https:\/\/johannehuysman.com\/index.php\/expo-bio\/","title":{"rendered":"Expo\/Bio"},"content":{"rendered":"<p>[et_pb_section fb_built=\u00a0\u00bb1&Prime; admin_label=\u00a0\u00bbsection\u00a0\u00bb _builder_version=\u00a0\u00bb4.5.3&Prime; background_color=\u00a0\u00bb#d6d6d6&Prime; use_background_color_gradient=\u00a0\u00bbon\u00a0\u00bb background_color_gradient_start=\u00a0\u00bbrgba(12,12,12,0.75)\u00a0\u00bb background_color_gradient_end=\u00a0\u00bbrgba(12,12,12,0.86)\u00a0\u00bb background_color_gradient_direction=\u00a0\u00bb359deg\u00a0\u00bb background_color_gradient_end_position=\u00a0\u00bb0%\u00a0\u00bb background_color_gradient_overlays_image=\u00a0\u00bbon\u00a0\u00bb background_enable_image=\u00a0\u00bboff\u00a0\u00bb background_blend=\u00a0\u00bbluminosity\u00a0\u00bb custom_margin=\u00a0\u00bb||||false|false\u00a0\u00bb custom_css_main_element=\u00a0\u00bbdisplay:flex;||flex-direction:column;\u00a0\u00bb][et_pb_row column_structure=\u00a0\u00bb1_2,1_2&Prime; admin_label=\u00a0\u00bbrow\u00a0\u00bb _builder_version=\u00a0\u00bb4.0.6&Prime; background_size=\u00a0\u00bbinitial\u00a0\u00bb background_position=\u00a0\u00bbtop_left\u00a0\u00bb background_repeat=\u00a0\u00bbrepeat\u00a0\u00bb custom_margin=\u00a0\u00bb100px||||false|false\u00a0\u00bb][et_pb_column type=\u00a0\u00bb1_2&Prime; _builder_version=\u00a0\u00bb3.27.4&Prime;][et_pb_text _builder_version=\u00a0\u00bb4.5.3&Prime; text_font=\u00a0\u00bbRoboto|900|||||||\u00a0\u00bb text_text_color=\u00a0\u00bb#ffffff\u00a0\u00bb text_font_size=\u00a0\u00bb48px\u00a0\u00bb]<\/p>\n<p>BIOGRAPHIE<\/p>\n<p>[\/et_pb_text][\/et_pb_column][et_pb_column type=\u00a0\u00bb1_2&Prime; _builder_version=\u00a0\u00bb3.25&Prime; custom_padding=\u00a0\u00bb|||\u00a0\u00bb custom_padding__hover=\u00a0\u00bb|||\u00a0\u00bb][\/et_pb_column][\/et_pb_row][et_pb_row column_structure=\u00a0\u00bb1_2,1_2&Prime; use_custom_gutter=\u00a0\u00bbon\u00a0\u00bb gutter_width=\u00a0\u00bb1&Prime; make_equal=\u00a0\u00bbon\u00a0\u00bb _builder_version=\u00a0\u00bb4.5.3&Prime; max_width=\u00a0\u00bb1800px\u00a0\u00bb module_alignment=\u00a0\u00bbcenter\u00a0\u00bb min_height=\u00a0\u00bb100px\u00a0\u00bb custom_padding=\u00a0\u00bb41px|||||\u00a0\u00bb custom_css_main_element_last_edited=\u00a0\u00bbon|phone\u00a0\u00bb custom_css_main_element_phone=\u00a0\u00bbdisplay:flex;||flex-direction:column;\u00a0\u00bb][et_pb_column type=\u00a0\u00bb1_2&Prime; _builder_version=\u00a0\u00bb4.0.6&Prime;][et_pb_text _builder_version=\u00a0\u00bb4.5.3&Prime; _module_preset=\u00a0\u00bbdefault\u00a0\u00bb text_text_color=\u00a0\u00bb#ffffff\u00a0\u00bb text_font_size=\u00a0\u00bb18px\u00a0\u00bb]<\/p>\n<p><strong>J O H A N N E\u00a0 \u00a0 H U Y S M A N<\/strong><\/p>\n<p>[\/et_pb_text][et_pb_text admin_label=\u00a0\u00bbTexte\u00a0\u00bb _builder_version=\u00a0\u00bb4.5.3&Prime; text_font=\u00a0\u00bbRoboto|100|||||||\u00a0\u00bb text_text_color=\u00a0\u00bb#ffffff\u00a0\u00bb text_font_size=\u00a0\u00bb12px\u00a0\u00bb text_letter_spacing=\u00a0\u00bb1px\u00a0\u00bb text_line_height=\u00a0\u00bb1.1em\u00a0\u00bb]<\/p>\n<p>&nbsp;<\/p>\n<p><strong> Adresse \/ Atelier\u00a0 61 rue du march\u00e9 59000 Lille FRANCE<br \/><\/strong><\/p>\n<p>[\/et_pb_text][et_pb_text _builder_version=\u00a0\u00bb4.5.3&Prime; _module_preset=\u00a0\u00bbdefault\u00a0\u00bb text_text_color=\u00a0\u00bb#ffffff\u00a0\u00bb text_font_size=\u00a0\u00bb16px\u00a0\u00bb custom_padding=\u00a0\u00bb|2px||||\u00a0\u00bb]<\/p>\n<p>&nbsp;<\/p>\n<p><strong>F o r m a t i o n<\/strong><\/p>\n<p><strong>\u00a0<\/strong><\/p>\n<p>[\/et_pb_text][et_pb_text admin_label=\u00a0\u00bbTexte\u00a0\u00bb _builder_version=\u00a0\u00bb4.5.3&Prime; text_font=\u00a0\u00bbRoboto|100|||||||\u00a0\u00bb text_text_color=\u00a0\u00bb#ffffff\u00a0\u00bb text_font_size=\u00a0\u00bb12px\u00a0\u00bb text_letter_spacing=\u00a0\u00bb1px\u00a0\u00bb text_line_height=\u00a0\u00bb1.1em\u00a0\u00bb]<\/p>\n<p><strong>Beaux &#8211; Arts de Calais 1981<\/strong><br \/><strong> D N S E P\u00a0 \u00e0\u00a0 L&rsquo; E R S E P\u00a0 de Tourcoing 1986<\/strong><\/p>\n<p>[\/et_pb_text][et_pb_text _builder_version=\u00a0\u00bb4.5.3&Prime; _module_preset=\u00a0\u00bbdefault\u00a0\u00bb text_text_color=\u00a0\u00bb#ffffff\u00a0\u00bb text_font_size=\u00a0\u00bb16px\u00a0\u00bb]<\/p>\n<p>&nbsp;<\/p>\n<p><strong>E x p o s i t i o n s<\/strong><\/p>\n<p>[\/et_pb_text][et_pb_text admin_label=\u00a0\u00bbTexte\u00a0\u00bb _builder_version=\u00a0\u00bb4.5.3&Prime; text_font=\u00a0\u00bbRoboto|100|||||||\u00a0\u00bb text_text_color=\u00a0\u00bb#ffffff\u00a0\u00bb text_font_size=\u00a0\u00bb12px\u00a0\u00bb text_letter_spacing=\u00a0\u00bb1px\u00a0\u00bb text_line_height=\u00a0\u00bb1.1em\u00a0\u00bb hover_enabled=\u00a0\u00bb0&Prime;]<strong>2025 \u00ab\u00a0Face \u00e0 Face\u00a0\u00bb Mus\u00e9e Beno\u00eet De Puydt Bailleuil<br \/>\n<strong>\u00ab\u00a0Drag and Drop\u00a0\u00bbClub 24 &#8211; Lille<br \/>\n<strong>\u00a0\u00bb Relev\u00e9s de surface\u00a0\u00bb PPGM &#8211; Roubaix<br \/>\n<strong>2024 \u00ab\u00a0In the wood for love\u00a0\u00bb Club 24 &#8211; Lille<br \/>\n<strong>2023 \u00a0\u00bb Le chant des ondes\u00a0\u00bb Ch\u00e2teau de Carrouge, Centre des Monuments Nationaux &#8211; Normandie<\/strong><br \/>\n<strong> 2023 \u00a0\u00bb Le chant des ondes\u00a0\u00bb Ch\u00e2teau de Parentignat ,Centre des Monuments Nationaux &#8211; Auvergne<\/strong><br \/>\n<strong> 2022 \u00a0\u00bb Le chant des ondes\u00a0\u00bb Tour de la Lanterne Centre des Monuments Nationaux &#8211; La Rochelle<\/strong><br \/>\n<strong>2021 Mus\u00e9e de la piscine \u00a0\u00bb Hommage \u00e0 la petite Ch\u00e2telaine \u00a0\u00bb\u00a0 Roubaix<\/strong><\/p>\n<p><strong>2021 Mus\u00e9e De Puydt \u00a0\u00bb Le chant des ondes\u00a0\u00bb Bailleul<\/strong><\/p>\n<p><strong>2018\u00a0 \u00ab\u00a0Art&rsquo;up\u00a0\u00bb Lille<\/strong><br \/>\n<strong> 2017\u00a0 \u00ab\u00a0En-Corps\u00a0\u00bb Galerie l&rsquo;Atelier 2 Villeneuve d&rsquo;Ascq<\/strong><br \/>\n<strong> 2016\u00a0 \u00ab\u00a0\u00catres en Robes\u00a0\u00bb Mus\u00e9e la Manufacture Roubaix<\/strong><br \/>\n<strong> \u00ab\u00a0Face cach\u00e9e\u00a0\u00bb Galerie Fronti\u00e8re$ Lille<\/strong><br \/>\n<strong> 2015 \u00ab\u00a0Expo Her.way\u00a0\u00bb Lille<\/strong><br \/>\n<strong> \u00ab\u00a0+ 15\u00a0\u00bb Galerie Espace 36 \/PPGM Roubaix<\/strong><br \/>\n<strong> 2014 \u00ab\u00a0Bi\u00e9nale de la sculpture\u00a0\u00bb Arcadia Tourmignies<\/strong><br \/>\n<strong> 2013 \u00ab\u00a0L&rsquo;Usine\u00a0\u00bb Danse\/Arts plastiques Lille<\/strong><br \/>\n<strong> 2012 \u00ab\u00a0Solstice d&rsquo;Automne\u00a0\u00bb Lille<\/strong><br \/>\n<strong> 2011 Galerie la Halle aux draps, Tournai Belgique<\/strong><br \/>\n<strong> \u00ab\u00a0Corps de Robe\u00a0\u00bb Centre culturel Balavoine, Arques<\/strong><br \/>\n<strong> 2010 \u00ab\u00a0Festival Mai&rsquo;tallurgie\u00a0\u00bb Charleroi, Belgique<\/strong><br \/>\n<strong> \u00ab\u00a0+ 10\u00a0\u00bb Espace 36\/Centre culturel Balavoine, Arques<\/strong><br \/>\n<strong> 2009 \u00ab\u00a0Les sir\u00e8nes\u00a0\u00bb PPGM, Roubaix<\/strong><br \/>\n<strong> 2008\u00a0 \u00ab\u00a0Transmettre\/transmit \u00a0\u00bb Ch\u00e2teau de Walmer, Angleterre<\/strong><br \/>\n<strong> \u00ab\u00a0Water\u00a0\u00bb Eglise de Beauvoorde, Belgique<\/strong><br \/>\n<strong> Vauban Humanis\/Galerie l&rsquo;Atelier2,Lille<br \/>\n2007 \u00ab\u00a0l\u2019Usine\u00a0\u00bb Danse\/Arts plastiques,Lille<\/strong><br \/>\n<strong> \u00ab\u00a0Transmettre\/transmit\u00a0\u00bb Chapelle des J\u00e9suites St Omer\/Galerie Espace 36<\/strong><br \/>\n<strong> \u00ab\u00a0Les Sir\u00e8nes\u00a0\u00bb 4 installations\u00a0: printemps, \u00e9t\u00e9, automne, hiver. Espace Hamilton, Mont St Eloi<\/strong><br \/>\n<strong>2006 \u00ab\u00a0Biennale d\u2019Arts contemporain\u00a0\u00bb, Denain<\/strong><br \/>\n<strong>2005 \u00ab\u00a0Nuit d\u2019Art-venture\u00a0\u00bb Place St Sulpice, Paris<\/strong><br \/>\n<strong> Galerie Le magasin, Lille.<\/strong><br \/>\n<strong> \u00ab\u00a0L&rsquo;Usine\u00a0\u00bb Danse\/Arts plastiques, Lille<\/strong><br \/>\n<strong> \u00ab\u00a0Solid&rsquo;Arit\u00e9\u00a0\u00bb Hotel Scrive, Lille<\/strong><br \/>\n<strong> 2004 \u00ab\u00a0L\u2019Humour dans l\u2019Art\u00a0\u00bb, Mairie de Lille\u00a0 Capitale culturelle 2004 <\/strong><br \/>\n<strong> Chapelle St Jean, La Garde Freinet Var<\/strong><br \/>\n<strong> 2003 Galerie J. Bastien.Art, Bruxelles<\/strong><br \/>\n<strong> Villa Aur\u00e9lienne, Toulon<\/strong><br \/>\n<strong> 2002 Aquisition Peintures et s\u00e9rigraphie d&rsquo;Alain Buyse pour le catalogue des \u00ab3 Suisses\u00bb.<\/strong><strong>Pr\u00e9sentation au Mus\u00e9e du Jeu de Paume, Paris<\/strong><br \/>\n<strong> 2001 Galerie ESPACE 36, St Omer<\/strong><br \/>\n<strong> Galerie FRONTIERE$, Lille<\/strong><br \/>\n<strong> \u00ab\u00a0L&rsquo;Usine\u00a0\u00bb Danse\/Arts plastiques, Lille<\/strong><br \/>\n<strong> 1999 Galerie F.STORME, Lille<\/strong><br \/>\n<strong> 1998 \u00ab\u00a0L\u2019Usine et ses r\u00eaves\u00a0\u00bb Danse\/Arts plastiques, Lille<\/strong><br \/>\n<strong> 1996 \u00ab\u00a0Fond d&rsquo;Art\u00a0\u00bb Conseil G\u00e9n\u00e9ral du Nord, Lille et acquisition de 2 \u0153uvres<\/strong><br \/>\n<strong> 1995 Galerie Artsc\u00e8ne, Vienne ( 38 )<\/strong><br \/>\n<strong> Galerie L\u2019Atelier 2, Villeneuve d\u2019Ascq<\/strong><br \/>\n<strong> 1994 Galerie l\u2019Embarcadaire, Lyon<\/strong><br \/>\n<strong> \u00ab\u00a0Dessins\u00a0\u00bb Mus\u00e9e du Touquet<\/strong><\/p>\n<p><strong> B o u r s e &#8211; A c q u i s i t i o n &#8211; <\/strong><strong>E d i t i o n<\/strong><\/p>\n<p><strong>1990 <\/strong><strong>Catalogue d&rsquo;expo <\/strong><strong>Quai des Hollandais, Conseil R\u00e9gional Nord Pas de Calais <\/strong><br \/>\n<strong>1991 <\/strong><strong>Artiste en Nord Pas de Calais, \u00e9dition Orcep <\/strong><br \/>\n<strong>1992 <\/strong><strong>Carte blanche \u00e0 JC Casadessus, \u00e9dition Orcep <\/strong><br \/>\n<strong>1995 <\/strong><strong>Arts et Formes Galerie Atelier<\/strong><strong> Contrex <\/strong><strong>\u00a0\u00a0\u00a0 <\/strong><strong>1996 Acquisition de 2 \u0153uvres pour le Fond d&rsquo;art du Conseil R\u00e9gional du Nord Pas de Calais\u00a0\u00a0\u00a0\u00a0\u00a0\u00a0\u00a0\u00a0\u00a0\u00a0\u00a0\u00a0\u00a0\u00a0\u00a0\u00a0\u00a0\u00a0\u00a0\u00a0\u00a0\u00a0\u00a0\u00a0\u00a0\u00a0\u00a0\u00a0\u00a0\u00a0\u00a0\u00a0\u00a0\u00a0\u00a0\u00a0\u00a0\u00a0\u00a0\u00a0\u00a0\u00a0\u00a0\u00a0\u00a0\u00a0\u00a0\u00a0\u00a0\u00a0\u00a0\u00a0\u00a0\u00a0\u00a0\u00a0\u00a0\u00a0\u00a0\u00a0\u00a0\u00a0\u00a0\u00a0\u00a0\u00a0\u00a0 <\/strong><br \/>\n<strong>2002 <\/strong><strong>Epreuve d&rsquo;artiste\/Alain Buyse, pour Catalogue des 3 suisses <\/strong><br \/>\n<strong>2004 <\/strong><strong>L&rsquo;Humour dans l&rsquo;art \u00e9dition LILLE\u00a0 Ville de Lille capitale culturelle<\/strong><br \/>\n<strong>2005 <\/strong><strong>A3 art \u00e0 St Sulpice, \u00e9dition A3ART Paris <\/strong><br \/>\n<strong>2006 <\/strong><strong>Bi\u00e9nale d&rsquo;art contemporain, \u00e9dition Club des 33 <\/strong><br \/>\n<strong>2007 <\/strong><strong>Transmettre\/transmit, catalogue expo Espace 36, <\/strong><br \/>\n<strong>2011 \u00ab\u00a0<\/strong><strong>+ 10&Prime; catalogue expo Espace 36 <\/strong><br \/>\n<strong>2012 Bourse d&rsquo;aide \u00e0 la cr\u00e9ation du Conseil R\u00e9gional du Nord Pas de Calais<\/strong><br \/>\n<strong> pour l&rsquo;\u00e9dition du Livre \u00ab\u00a0Les Hors<\/strong><strong>-Concours\u00a0\u00bb<\/strong> <strong>2016 \u00ab\u00a0<\/strong><strong>+ 15&Prime; catalogue expo Espace 36 2016<\/strong><\/p>\n<p>&nbsp;<\/p>\n<p>&nbsp;[\/et_pb_text][et_pb_text _builder_version=\u00a0\u00bb4.5.3&Prime; _module_preset=\u00a0\u00bbdefault\u00a0\u00bb text_text_color=\u00a0\u00bb#ffffff\u00a0\u00bb text_font_size=\u00a0\u00bb16px\u00a0\u00bb]<\/p>\n<p><strong>A u t r e s <\/strong><\/p>\n<p>[\/et_pb_text][et_pb_text admin_label=\u00a0\u00bbTexte\u00a0\u00bb _builder_version=\u00a0\u00bb4.5.3&Prime; text_font=\u00a0\u00bbRoboto|700|||||||\u00a0\u00bb text_text_color=\u00a0\u00bb#ffffff\u00a0\u00bb text_font_size=\u00a0\u00bb12px\u00a0\u00bb text_letter_spacing=\u00a0\u00bb1px\u00a0\u00bb text_line_height=\u00a0\u00bb1.1em\u00a0\u00bb background_layout=\u00a0\u00bbdark\u00a0\u00bb]C o l o r i s t e\u00a0 sur le travail de YVES GAUMETOU sculpteur animalier<br \/>\n retouches peintures sur animaux taxidermis\u00e9s ou en r\u00e9sine pour, des Mus\u00e9es d&rsquo;Histoire Naturelle, et des commandes d&rsquo;Artistes (Wim Delevoye, Carsten H\u00f6ller, Pasqua ) plus autres \u2026<\/p>\n<p>S c \u00e9 n o g r a p h e\u00a0 Compagnies Danse et Th\u00e9\u00e2tre \u00a0 \u00a0 \u00a0 \u00a0 \u00a0 \u00a0 \u00a0 \u00a0 \u00a0 \u00a0 \u00a0 \u00a0 \u00a0 \u00a0 \u00a0 \u00a0 \u00a0 \u00a0 \u00a0 \u00a0 \u00a0 \u00a0\u00a0\u00a0\u00a0\u00a0\u00a0\u00a0\u00a0\u00a0\u00a0\u00a0\u00a0\u00a0\u00a0\u00a0\u00a0\u00a0\u00a0\u00a0\u00a0\u00a0\u00a0\u00a0\u00a0\u00a0\u00a0\u00a0\u00a0<\/p>\n<p>Compagnie La pluie qui tombe &#8211; Nathalie Baldo<br \/>\n Cr\u00e9ations d&rsquo; objets, images, Installations plastiques et Sc\u00e9nographies (parfois co-conception) sur les spectacles\u00a0<br \/>\nde 2005&#8230; jusqu&rsquo;\u00e0 aujourd&rsquo;hui<br \/>\n  \u00a0\u00bb Il pleut sous mon oreiller\u00a0 \u00a0\u00bb<br \/>\n \u00a0\u00bb Les couturiers\u00a0 \u00a0\u00bb ,  \u00a0\u00bb La fabrique \u00a0\u00bb , \u00a0\u00bb \u00a0Bouche cousue\u00a0 \u00a0\u00bb , \u00a0\u00bb \u00a0Les Embobineuses \u00a0\u00bb<br \/>\n  \u00a0\u00bb \u00a0Un cheval (\u00e9)perdu\u00a0 \u00a0\u00bb<br \/>\n  \u00a0\u00bb Le Bal des biches\u00a0 \u00a0\u00bb<br \/>\n  \u00a0\u00bb \u00a0Le cerf au sabot d&rsquo;argent \u00a0\u00bb<br \/>\n  \u00a0\u00bb Roches- je porte le nom d&rsquo;une montagne\u00a0\u00bb<\/p>\n<p> 2013\/, jusqu&rsquo;\u00e0 aujourd&rsquo;hui &#8211; Cie Par dessus bord &#8211; Aude Denis<br \/>\n Sc\u00e9nographies<br \/>\n \u00a0\u00bb \u00a0\u00e0 quoi \u00e7a sert un livre\u00a0 \u00a0\u00bb  &#8211; Aude Denis<br \/>\n  \u00a0\u00bb Trois petits vieux qui ne voulaient pas mourir\u00a0 \u00a0\u00bb  de Suzanne Van Lohuizen<br \/>\n  \u00a0\u00bb  Journal de Francis,hamster nihiliste 1990-1990\u00a0 \u00a0\u00bb de Miriam et Ezra Elia<br \/>\n \u00a0\u00bb Dragon d&rsquo;or \u00a0\u00bb  de Roland Schimmelpfenning<br \/>\n \u00a0\u00bb Par la fen\u00eatre\u00a0\u00a0\u00bb  avec la Cie de L&rsquo;oiseau mouche- Aude Denis<br \/>\n  \u00a0\u00bb \u00a0Treize\u00a0 \u00a0\u00bb  d&rsquo;Arnaud Catherin<br \/>\n  \u00a0\u00bb Roulez jeunesse\u00a0 \u00a0\u00bb  Luc Tartar<br \/>\n  \u00a0\u00bb \u00a0\u00e0 l&rsquo;int\u00e9rieur\u00a0 \u00a0\u00bb &#8211; \u00a0Aude Denis\u00a0\u00a0\u00a0<br \/>\n  \u00a0\u00bb La derni\u00e8re repr\u00e9sentation th\u00e9\u00e2trale  \u00ab\u00a0&#8211;\u00a0Aude Denis<\/p>\n<p> 2013\/14\/15 &#8211; Cie Paquita Valdes &#8211; Pascaline Verrier<br \/>\nsc\u00e9nographie, installations plastiques<br \/>\n \u00a0\u00bb \u00a0 Inulik\u00a0 \u00a0\u00bb<br \/>\n  \u00a0\u00bb Igloo\u00a0 \u00a0\u00bb  pour ateliers en IME<\/p>\n<p>2015\/18\u00a0 &#8211; Cie Le Cr\u00e9ac&rsquo;h &#8211; Jean Maximilien Sobozinski- St\u00e9phanie Cliquennois<br \/>\n \u00a0\u00bb Guerre au front , peur au ventre\u00a0 \u00a0\u00bb  &#8211; Thomas Piazeki<br \/>\n \u00a0\u00bb \u00c9coute \u00e0 mon oreille  \u00a0\u00bb  &#8211; St\u00e9phanie Cliquennois<br \/>\n \u00a0\u00bb Respirer douze fois \u00a0\u00bb &#8211;  St\u00e9phanie Cliquennois<\/p>\n<p>2016\u00a0 Cie \u00a0Tourneboul\u00e9\u00a0&#8211; Marie Levavasseur, Ga\u00eblle Moquay<br \/>\n \u00a0\u00bb \u00a0Le cri des carpes\u00a0 \u00a0\u00bb <\/p>\n<p>2017\u00a0 Cie \u00a0La Ruse &#8211; \u00a0B\u00e9r\u00e9nice Legrand<br \/>\n\u00a0\u00bb Chronique d&rsquo;un pied H\u00e9ro\u00efque\u00a0 \u00a0\u00bb<br \/>\n \u00a0\u00bb Chronique  d&rsquo;un pied H\u00e9ro\u00efque\u00a0#2  \u00a0\u00bb <\/p>\n<p> 2017\u00a0 \u00a0\u00bb Presqu&rsquo;ils\u00a0\u00a0\u00bb  Cie \u00a0Melting Spot\u00a0&#8211; Farid Berki &#8211; regard sc\u00e9no<br \/>\n\u00a0\u00a0\u00a0\u00a0\u00a0\u00a0\u00a0<\/p>\n<p>2018  jusqu&rsquo;\u00e0 aujourd&rsquo;hui &#8211; Cie Les fous \u00e0 r\u00e9action &#8211; Vincent Delhin et Olivier Menu<br \/>\n                 \u00a0\u00bb \u00a0le m\u00e9tier d&rsquo;Homme\u00a0\u00a0\u00bb d&rsquo;Alexandre Jollien<br \/>\n                 \u00a0\u00bb \u00a0Fin de partie\u00a0 \u00a0\u00bb de Samuel Beckett<br \/>\n                 \u00a0\u00bb Histoire d&rsquo;une baleine blanche \u00a0\u00bb de Luis Sepulveda<br \/>\n                 \u00a0\u00bb Juste la fin du monde \u00a0\u00bb de JLuc Lagarce<br \/>\n                 \u00a0\u00bb La fille en poil de chien \u00a0\u00bb de Emmanuelle Maisonneuve<\/p>\n<p>2022  \u00a0\u00bb Histoires en s\u00e9rie , Harmonie Majeur\u00a0\u00bb  de Agn\u00e9s Desarthe &#8211; C\u00e9line Millat Baumgartner &#8211; Bateau feu <\/p>\n<p> 2023   \u00a0\u00bb Fille \u00a0\u00bb de Matt Hartley  Sc\u00e9nographie et objets  pour Cie Lolium et Filigran 111<br \/>\n                  &#8211; C\u00e9line Dupuis, Cyril Brisse, Marion Zabo\u00eetzeff, Henri Botte[\/et_pb_text][\/et_pb_column][et_pb_column type=\u00a0\u00bb1_2&Prime; _builder_version=\u00a0\u00bb4.0.6&Prime;][\/et_pb_column][\/et_pb_row][\/et_pb_section]<\/p>\n","protected":false},"excerpt":{"rendered":"<p>[et_pb_section fb_built=\u00a0\u00bb1&Prime; admin_label=\u00a0\u00bbsection\u00a0\u00bb _builder_version=\u00a0\u00bb4.5.3&Prime; background_color=\u00a0\u00bb#d6d6d6&Prime; use_background_color_gradient=\u00a0\u00bbon\u00a0\u00bb background_color_gradient_start=\u00a0\u00bbrgba(12,12,12,0.75)\u00a0\u00bb background_color_gradient_end=\u00a0\u00bbrgba(12,12,12,0.86)\u00a0\u00bb background_color_gradient_direction=\u00a0\u00bb359deg\u00a0\u00bb background_color_gradient_end_position=\u00a0\u00bb0%\u00a0\u00bb background_color_gradient_overlays_image=\u00a0\u00bbon\u00a0\u00bb background_enable_image=\u00a0\u00bboff\u00a0\u00bb background_blend=\u00a0\u00bbluminosity\u00a0\u00bb custom_margin=\u00a0\u00bb||||false|false\u00a0\u00bb custom_css_main_element=\u00a0\u00bbdisplay:flex;||flex-direction:column;\u00a0\u00bb][et_pb_row column_structure=\u00a0\u00bb1_2,1_2&Prime; admin_label=\u00a0\u00bbrow\u00a0\u00bb _builder_version=\u00a0\u00bb4.0.6&Prime; background_size=\u00a0\u00bbinitial\u00a0\u00bb background_position=\u00a0\u00bbtop_left\u00a0\u00bb background_repeat=\u00a0\u00bbrepeat\u00a0\u00bb custom_margin=\u00a0\u00bb100px||||false|false\u00a0\u00bb][et_pb_column type=\u00a0\u00bb1_2&Prime; _builder_version=\u00a0\u00bb3.27.4&Prime;][et_pb_text _builder_version=\u00a0\u00bb4.5.3&Prime; text_font=\u00a0\u00bbRoboto|900|||||||\u00a0\u00bb text_text_color=\u00a0\u00bb#ffffff\u00a0\u00bb text_font_size=\u00a0\u00bb48px\u00a0\u00bb] BIOGRAPHIE [\/et_pb_text][\/et_pb_column][et_pb_column type=\u00a0\u00bb1_2&Prime; _builder_version=\u00a0\u00bb3.25&Prime; custom_padding=\u00a0\u00bb|||\u00a0\u00bb custom_padding__hover=\u00a0\u00bb|||\u00a0\u00bb][\/et_pb_column][\/et_pb_row][et_pb_row column_structure=\u00a0\u00bb1_2,1_2&Prime; use_custom_gutter=\u00a0\u00bbon\u00a0\u00bb gutter_width=\u00a0\u00bb1&Prime; make_equal=\u00a0\u00bbon\u00a0\u00bb _builder_version=\u00a0\u00bb4.5.3&Prime; max_width=\u00a0\u00bb1800px\u00a0\u00bb module_alignment=\u00a0\u00bbcenter\u00a0\u00bb min_height=\u00a0\u00bb100px\u00a0\u00bb custom_padding=\u00a0\u00bb41px|||||\u00a0\u00bb custom_css_main_element_last_edited=\u00a0\u00bbon|phone\u00a0\u00bb custom_css_main_element_phone=\u00a0\u00bbdisplay:flex;||flex-direction:column;\u00a0\u00bb][et_pb_column type=\u00a0\u00bb1_2&Prime; _builder_version=\u00a0\u00bb4.0.6&Prime;][et_pb_text _builder_version=\u00a0\u00bb4.5.3&Prime; _module_preset=\u00a0\u00bbdefault\u00a0\u00bb text_text_color=\u00a0\u00bb#ffffff\u00a0\u00bb text_font_size=\u00a0\u00bb18px\u00a0\u00bb] J O H A [&hellip;]<\/p>\n","protected":false},"author":1,"featured_media":0,"parent":0,"menu_order":0,"comment_status":"closed","ping_status":"closed","template":"","meta":{"_et_pb_use_builder":"on","_et_pb_old_content":"","_et_gb_content_width":"","footnotes":""},"class_list":["post-138","page","type-page","status-publish","hentry"],"_links":{"self":[{"href":"https:\/\/johannehuysman.com\/index.php\/wp-json\/wp\/v2\/pages\/138","targetHints":{"allow":["GET"]}}],"collection":[{"href":"https:\/\/johannehuysman.com\/index.php\/wp-json\/wp\/v2\/pages"}],"about":[{"href":"https:\/\/johannehuysman.com\/index.php\/wp-json\/wp\/v2\/types\/page"}],"author":[{"embeddable":true,"href":"https:\/\/johannehuysman.com\/index.php\/wp-json\/wp\/v2\/users\/1"}],"replies":[{"embeddable":true,"href":"https:\/\/johannehuysman.com\/index.php\/wp-json\/wp\/v2\/comments?post=138"}],"version-history":[{"count":64,"href":"https:\/\/johannehuysman.com\/index.php\/wp-json\/wp\/v2\/pages\/138\/revisions"}],"predecessor-version":[{"id":3367,"href":"https:\/\/johannehuysman.com\/index.php\/wp-json\/wp\/v2\/pages\/138\/revisions\/3367"}],"wp:attachment":[{"href":"https:\/\/johannehuysman.com\/index.php\/wp-json\/wp\/v2\/media?parent=138"}],"curies":[{"name":"wp","href":"https:\/\/api.w.org\/{rel}","templated":true}]}}